{"id":104,"date":"2021-09-28T17:51:29","date_gmt":"2021-09-28T15:51:29","guid":{"rendered":"http:\/\/protutelle.be\/mj818802-ovh\/?page_id=104"},"modified":"2021-10-13T17:47:04","modified_gmt":"2021-10-13T15:47:04","slug":"devenir-protuteur","status":"publish","type":"page","link":"https:\/\/protutelle.be\/index.php\/devenir-protuteur\/","title":{"rendered":"Devenir Protuteur"},"content":{"rendered":"\n<h2 class=\"wp-block-heading\">Envie de rejoindre l&rsquo;\u00e9quipe des Protuteurs b\u00e9n\u00e9voles ?<\/h2>\n\n\n\n<p>Devenir Protuteur ne demande pas un investissement quotidien mais un engagement sur le long terme&#8230;<\/p>\n\n\n\n<p>En pratique, le r\u00f4le d&rsquo;un Protuteur est un peu comparable \u00e0 celui d&rsquo;un \u00ab\u00a0parrain\u00a0\u00bb ou d&rsquo;une \u00ab\u00a0marraine\u00a0\u00bb.<\/p>\n\n\n\n<p>Cela implique qu&rsquo;il prenne des d\u00e9cisions comme par exemple le choix d&rsquo;une \u00e9cole pour le jeune, son lieu de vie,&#8230;<\/p>\n\n\n\n<p>Il donne aussi des autorisations pour que le jeune puisse quitter le territoire ou se faire op\u00e9rer par exemple.<\/p>\n\n\n\n<p>Vous voulez en savoir plus ? N&rsquo;h\u00e9sitez pas \u00e0 nous contacter !<\/p>\n\n\n\n<p>Nous r\u00e9pondrons \u00e0 toutes vos questions !<\/p>\n\n\n\n<p>Ce premier contact se fait sans engagement.<\/p>\n\n\n\n<p><\/p>\n\n\n\n<p><\/p>\n\n\n\n<h4 class=\"wp-block-heading\"><strong>Bruxelles<\/strong><\/h4>\n\n\n\n<p><strong>\u00ab\u00a0Soutien \u00e0 la Jeunesse\u00a0\u00bb<\/strong><br>Rue de la Vignette, 179<br>1160 Bruxelles<br><strong>Tel :&nbsp;<a href=\"tel:+3225132535\">02\/513.25.35<\/a><br>GSM :&nbsp;<a href=\"tel:+32473970470\">0473\/97.04.70<\/a><br>@ :&nbsp;<a href=\"mailto:bruxelles@protutelle.be\">bruxelles@protutelle.be<\/a><\/strong><\/p>\n\n\n\n<p><\/p>\n\n\n\n<h4 class=\"wp-block-heading\"><strong>Tournai<\/strong><\/h4>\n\n\n\n<p><strong>\u00ab\u00a0Le Renouveau\u00a0\u00bb<\/strong><br>Rue Octave Leduc 15 bt 2<br>7500 Tournai<br><strong>Tel-Fax :&nbsp;<a href=\"tel:+3269232767\">069\/23.27.67<\/a><br>@ :&nbsp;<a href=\"mailto:lerenouveau@protutelle.be\">lerenouveau@protutelle.be<\/a><\/strong><\/p>\n\n\n\n<p><\/p>\n\n\n\n<h4 class=\"wp-block-heading\"><strong>Charleroi<\/strong><\/h4>\n\n\n\n<p><strong>\u00ab\u00a0Comit\u00e9 d&rsquo;aide \u00e0 l&rsquo;enfance\u00a0\u00bb<\/strong><br>Chauss\u00e9e de Charleroi, 10<br>6061 Montignies-sur-Sambre<br><strong>Tel :&nbsp;<a href=\"tel:+3271303132\">071\/30.31.32<\/a><br>GSM :&nbsp;<a href=\"tel:+32498100571\">0498\/10.05.71<\/a><br>Fax :&nbsp;<a href=\"tel:+3271308227\">071\/30.82.27<\/a><br>@ :&nbsp;<a href=\"mailto:cae@protutelle.be\">cae@protutelle.be<\/a><\/strong><\/p>\n\n\n\n<p><\/p>\n\n\n\n<h4 class=\"wp-block-heading\"><strong>Li\u00e8ge<\/strong><\/h4>\n\n\n\n<p><strong>\u00ab\u00a0Abri de l&rsquo;Enfance\u00a0\u00bb<\/strong><br>Rue Chevaufosse, 72<br>4000 Li\u00e8ge<strong><br>Tel :&nbsp;<a title=\"Companion: Call +3242211321\" class=\"phone-companion-processed p-tel\" data-pnd=\"link\" style=\"color: black;\" href=\"tel:+3242211321\">04\/2211321<\/a>&nbsp;&#8211; 04\/3441315<\/strong><br><strong>GSM:&nbsp;<a title=\"Companion: Call +32497468204\" class=\"phone-companion-processed p-tel\" data-pnd=\"link\" style=\"color: black;\" href=\"tel:+32497468204\">0497\/46.82.04<\/a><br>Fax :&nbsp;<a title=\"Companion: Call +3242211402\" class=\"phone-companion-processed p-tel\" data-pnd=\"link\" style=\"color: black;\" href=\"tel:+3242211402\">04\/2211402<\/a><br>@ :&nbsp;<a href=\"mailto:abridelenfance@protutelle.be\">abridelenfance@protutelle.be<\/a><\/strong>                                                                                    <\/p>\n\n\n\n<p>                 <\/p>\n\n\n\n<p>                   <\/p>\n\n\n\n<p>                    <\/p>\n\n\n\n<p>              <\/p>\n\n\n\n<p>       <\/p>\n\n\n<p><br><\/p>\n\n\n<p class=\"has-text-align-center\"><em>Agr\u00e9\u00e9 et subsidi\u00e9 par<\/em> <\/p>\n\n\n\n<div class=\"wp-block-image\"><figure class=\"aligncenter size-full is-resized\"><img loading=\"lazy\" decoding=\"async\" src=\"http:\/\/protutelle.be\/mj818802-ovh\/wp-content\/uploads\/2021\/08\/Fed-Wallonie-Bruxelles.jpg\" alt=\"\" class=\"wp-image-51\" width=\"90\" height=\"90\" srcset=\"https:\/\/protutelle.be\/wp-content\/uploads\/2021\/08\/Fed-Wallonie-Bruxelles.jpg 512w, https:\/\/protutelle.be\/wp-content\/uploads\/2021\/08\/Fed-Wallonie-Bruxelles-300x300.jpg 300w, https:\/\/protutelle.be\/wp-content\/uploads\/2021\/08\/Fed-Wallonie-Bruxelles-150x150.jpg 150w\" sizes=\"(max-width: 90px) 100vw, 90px\" \/><\/figure><\/div>\n","protected":false},"excerpt":{"rendered":"<p>Envie de rejoindre l&rsquo;\u00e9quipe des Protuteurs b\u00e9n\u00e9voles ? Devenir Protuteur ne demande pas un investissement quotidien mais un engagement sur le long terme&#8230; En pratique, le r\u00f4le d&rsquo;un Protuteur est un peu comparable \u00e0 celui d&rsquo;un \u00ab\u00a0parrain\u00a0\u00bb ou d&rsquo;une \u00ab\u00a0marraine\u00a0\u00bb. Cela implique qu&rsquo;il prenne des d\u00e9cisions comme par exemple le choix d&rsquo;une \u00e9cole pour le&hellip; <a class=\"more-link\" href=\"https:\/\/protutelle.be\/index.php\/devenir-protuteur\/\">Poursuivre la lecture <span class=\"screen-reader-text\">Devenir Protuteur<\/span><\/a><\/p>\n","protected":false},"author":1,"featured_media":0,"parent":0,"menu_order":0,"comment_status":"closed","ping_status":"closed","template":"","meta":{"footnotes":""},"_links":{"self":[{"href":"https:\/\/protutelle.be\/index.php\/wp-json\/wp\/v2\/pages\/104"}],"collection":[{"href":"https:\/\/protutelle.be\/index.php\/wp-json\/wp\/v2\/pages"}],"about":[{"href":"https:\/\/protutelle.be\/index.php\/wp-json\/wp\/v2\/types\/page"}],"author":[{"embeddable":true,"href":"https:\/\/protutelle.be\/index.php\/wp-json\/wp\/v2\/users\/1"}],"replies":[{"embeddable":true,"href":"https:\/\/protutelle.be\/index.php\/wp-json\/wp\/v2\/comments?post=104"}],"version-history":[{"count":25,"href":"https:\/\/protutelle.be\/index.php\/wp-json\/wp\/v2\/pages\/104\/revisions"}],"predecessor-version":[{"id":241,"href":"https:\/\/protutelle.be\/index.php\/wp-json\/wp\/v2\/pages\/104\/revisions\/241"}],"wp:attachment":[{"href":"https:\/\/protutelle.be\/index.php\/wp-json\/wp\/v2\/media?parent=104"}],"curies":[{"name":"wp","href":"https:\/\/api.w.org\/{rel}","templated":true}]}}